{"id":4534,"date":"2016-05-11T11:19:12","date_gmt":"2016-05-11T10:19:12","guid":{"rendered":"http:\/\/www.mrexhibition.net\/wp_mimi\/?page_id=4534"},"modified":"2023-01-05T14:13:52","modified_gmt":"2023-01-05T13:13:52","slug":"news","status":"publish","type":"page","link":"http:\/\/www.mrexhibition.net\/wp_mimi\/?page_id=4534","title":{"rendered":"actualit\u00e9"},"content":{"rendered":"<p><a href=\"http:\/\/www.mrexhibition.net\/wp_mimi\/wp_mimi-content\/uploads\/2017\/02\/lun-lautre-Art-science-28-02-2017.jpg\"><img decoding=\"async\" loading=\"lazy\" class=\"alignnone size-large wp-image-4928\" src=\"http:\/\/www.mrexhibition.net\/wp_mimi\/wp_mimi-content\/uploads\/2017\/02\/lun-lautre-Art-science-28-02-2017-724x1024.jpg\" alt=\"l'un l'autre Art science 28 02 2017\" width=\"540\" height=\"764\" srcset=\"http:\/\/www.mrexhibition.net\/wp_mimi\/wp_mimi-content\/uploads\/2017\/02\/lun-lautre-Art-science-28-02-2017-724x1024.jpg 724w, http:\/\/www.mrexhibition.net\/wp_mimi\/wp_mimi-content\/uploads\/2017\/02\/lun-lautre-Art-science-28-02-2017-212x300.jpg 212w, http:\/\/www.mrexhibition.net\/wp_mimi\/wp_mimi-content\/uploads\/2017\/02\/lun-lautre-Art-science-28-02-2017.jpg 1240w\" sizes=\"(max-width: 540px) 100vw, 540px\" \/><\/a><\/p>\n<p>Bonjour \u00e0 tous! J\u2019ai le plaisir de vous annoncer ma participation \u00e0 la rencontre \u00e0 Nantes le 28 f\u00e9vrier! Dans le cadre de l\u2019exposition en cours \u00ab L\u2019UN L\u2019AUTRE \u00bb (le catalogue t\u00e9l\u00e9chargeable sur le site de Lotokoro: http:\/\/lokotoro.org), j\u2019interviendrai pour une conf\u00e9rence sur l\u2019art m\u00e9dical, notamment la question pos\u00e9e sur l\u2019utilit\u00e9 de l\u2019art dans les champs \u00ab outsider \u00bb, suivie par la conversation avec Euloge Ekaza, Florian Gadenne et J\u00e9r\u00e9my Segard. Cette journ\u00e9e d\u00e9butera par la performance de Florian Gadenne, intitul\u00e9e \u00ab micro-individus \u00bb.<br \/>\nVenez nombreux, je serai ravie de vous voir !<br \/>\n2\u670828\u65e5\u306b\u30ca\u30f3\u30c8\u3067\u884c\u306a\u308f\u308c\u308b\u3001\u73fe\u5728\u958b\u50ac\u4e2d\u5c55\u89a7\u4f1aL\u2019UN L\u2019AUTRE\u95a2\u9023\u30a4\u30d9\u30f3\u30c8\u3067\u30ab\u30f3\u30d5\u30a1\u30ec\u30f3\u30b9\u3092\u3057\u307e\u3059\u3002\u30c6\u30fc\u30de\u306f\u3001\u533b\u7642\u3068\u30a2\u30fc\u30c8\uff08\u3042\u308b\u3044\u306f\u533b\u7642\u30a2\u30fc\u30c8\uff09\u3001\u3068\u308a\u308f\u3051\u3001\u30a2\u30fc\u30c8\u304c\u8a00\u3063\u3066\u307f\u308c\u3070\u9580\u5916\u6f22\u3067\u3042\u308b\u3088\u3046\u306a\u30b3\u30f3\u30c6\u30af\u30b9\u30c8\u3067\u8868\u73fe\u3092\u671f\u5f85\u3055\u308c\u308b\u3068\u304d\u3001\u30a2\u30fc\u30c6\u30a3\u30b9\u30c8\u3068\u30a2\u30fc\u30c8\u306e\u5f79\u5272\u306f\u4f55\u306a\u306e\u304b\u3001\u30a2\u30fc\u30c8\u306e\u6709\u7528\u6027\u306b\u95a2\u3057\u3066\u8003\u5bdf\u3057\u305f\u3044\u3068\u601d\u3063\u3066\u3044\u307e\u3059\u3002\u5f53\u65e5\u306f\u3001florian gadenne\uff08\u30d5\u30ed\u30ea\u30a2\u30f3\u30fb\u30ac\u30c7\u30f3\uff09\u306e\u30d1\u30d5\u30a9\u30fc\u30de\u30f3\u30b9\u300c\u30df\u30af\u30ed\u30fb\u30a4\u30f3\u30c7\u30a3\u30d3\u30b8\u30e5\u30a2\u30eb\u300d(micro-individu)\u3067\u59cb\u307e\u308a\u307e\u3059\u3002<br \/>\n\u30ca\u30f3\u30c8\u8fd1\u8fba\u306b\u304a\u77e5\u308a\u5408\u3044\u306e\u3044\u3089\u3063\u3057\u3083\u308b\u65b9\u3005\u3001\u3069\u3046\u304b\u3054\u5ba3\u4f1d\u3044\u305f\u3060\u3051\u307e\u3057\u305f\u3089\u5e78\u3044\u3067\u3059\u3002\u3088\u308d\u3057\u304f\u304a\u306d\u304c\u3044\u3057\u307e\u3059\u3002<\/p>\n<p>IRS2 \u2013 Nantes Biotech<br \/>\n22 Bouleverd Benoni Goulin \u2013 Nantes<br \/>\nL\u2019UN L\u2019AUTRE<br \/>\nle mardi 28 f\u00e9vrier 2017<\/p>\n<p>14h \u2013 \u00ab micro-individus \u00bb<br \/>\nFlorian Gadenne \u2013 Artiste<br \/>\nPerformance en Salle de culture n\u00b0 318 \u2013 3\u00e8me \u00e9tage<\/p>\n<p>14h30 \u2013 \u00ab Art m\u00e9dical ? \u00bb<br \/>\nEnjeux des approches artistiques<br \/>\npour l\u2019exposition dans un institut de recherche<br \/>\nMiki Okubo* \u2013 Ph.D : Esth\u00e9tique et arts plastiques<br \/>\nSalle de r\u00e9union n\u00b01 &amp; 2 \u2013 Rez-de-chauss\u00e9e NBT<\/p>\n<p>15h30 \u2013 \u00ab Conversation \u00bb<br \/>\nEuloge Ekaza \u2013 Manager du projet ARMINA<br \/>\nFlorian Gadenne \u2013 Artiste<br \/>\nMiki Okubo \u2013 Ph.D : Esth\u00e9tique et arts plastiques<br \/>\nJeremy Segard \u2013 Artiste, pr\u00e9sident de Lokotoro<\/p>\n<p>Lotokoro: http:\/\/lokotoro.org<br \/>\nFlorian Gadenne: http:\/\/floriangadennecom.over-blog.com<br \/>\nExposition L\u2019un l\u2019autre: http:\/\/lokotoro.org\/index.php\/projets-en-cours\/l-un-l-autre<\/p>\n<p><strong><span style=\"color: #000080;\">2016\u5e745\u670814\u65e514\u6642<\/span><\/strong><br \/>\n<span style=\"color: #008080;\"> Yvet\u00f4t\u306eGalerie Duchamp\u3067\u884c\u306a\u308f\u308c\u308b\u8b1b\u6f14\u4f1aLe colloque: La figure au temps du num\u00e9rique&#8230; soi, moi, self, l&rsquo;autre? @Galerie Duchamp\u3067\u558b\u308a\u307e\u3059\u3002<\/span><br \/>\n<span style=\"color: #008080;\"> <a style=\"color: #008080;\" href=\"http:\/\/www.mrexhibition.net\/wp_mimi\/wp_mimi-content\/uploads\/2016\/05\/d35a24ac15cd1a5fcdb26b4ade60de4e.png\"><img decoding=\"async\" loading=\"lazy\" class=\"alignnone size-medium wp-image-4542\" src=\"http:\/\/www.mrexhibition.net\/wp_mimi\/wp_mimi-content\/uploads\/2016\/05\/d35a24ac15cd1a5fcdb26b4ade60de4e-300x188.png\" alt=\"\u30b9\u30af\u30ea\u30fc\u30f3\u30b7\u30e7\u30c3\u30c8 2016-05-10 17.29.38\" width=\"300\" height=\"188\" srcset=\"http:\/\/www.mrexhibition.net\/wp_mimi\/wp_mimi-content\/uploads\/2016\/05\/d35a24ac15cd1a5fcdb26b4ade60de4e-300x188.png 300w, http:\/\/www.mrexhibition.net\/wp_mimi\/wp_mimi-content\/uploads\/2016\/05\/d35a24ac15cd1a5fcdb26b4ade60de4e-1024x640.png 1024w, http:\/\/www.mrexhibition.net\/wp_mimi\/wp_mimi-content\/uploads\/2016\/05\/d35a24ac15cd1a5fcdb26b4ade60de4e.png 1280w\" sizes=\"(max-width: 300px) 100vw, 300px\" \/><\/a><\/span><br \/>\n<span style=\"color: #008080;\"> \u5c55\u89a7\u4f1a\u00a0\u00bbL&#8217;empreinte directe du v\u00e9cu sur le temps\u00a0\u00bb\u306fBill VIola, Fleur Helluin\u4ed6\u3002\u73fe\u4ee3\u306e\u30dd\u30fc\u30c8\u30ec\u30fc\u30c8\uff0f\u30bb\u30eb\u30d5\u30dd\u30fc\u30c8\u30ec\u30fc\u30c8\u306b\u95a2\u3059\u308b\u3068\u3066\u3082\u8208\u5473\u6df1\u3044\u5c55\u89a7\u4f1a\u3067\u3059\u3002<\/span><br \/>\n<span style=\"color: #008080;\"> \u8b1b\u6f14\u306f\u3001\u300c\u30bb\u30eb\u30d5\u30a3\u30fc\u7684\u5b9f\u8df5\uff1a\u53ef\u52d5\u7684\u306a\u30a4\u30e1\u30fc\u30b8\u304c\u81ea\u5df1\u8868\u8c61\u306b\u4e0e\u3048\u308b\u5f71\u97ff\u300d(\u00ab\u00a0la pratiques SELFIQUE: l&rsquo;impacte des images mobiles sur l&rsquo;esth\u00e9tique de soi\u00a0\u00bb )<\/span><br \/>\n<a href=\"http:\/\/www.galerie-duchamp.com\/index.php?id=228\" target=\"_blank\" rel=\"noopener noreferrer\">http:\/\/www.galerie-duchamp.com\/index.php?id=228<\/a><br \/>\n<a href=\"http:\/\/www.mrexhibition.net\/wp_mimi\/wp_mimi-content\/uploads\/2016\/05\/resize_these_201604Duchamp_JdE_Empreinte-Poster01-1.jpg\"><img decoding=\"async\" loading=\"lazy\" class=\"alignnone size-medium wp-image-4540\" src=\"http:\/\/www.mrexhibition.net\/wp_mimi\/wp_mimi-content\/uploads\/2016\/05\/resize_these_201604Duchamp_JdE_Empreinte-Poster01-1-221x300.jpg\" alt=\"resize_these_201604Duchamp_JdE_Empreinte-Poster01-1\" width=\"221\" height=\"300\" srcset=\"http:\/\/www.mrexhibition.net\/wp_mimi\/wp_mimi-content\/uploads\/2016\/05\/resize_these_201604Duchamp_JdE_Empreinte-Poster01-1-221x300.jpg 221w, http:\/\/www.mrexhibition.net\/wp_mimi\/wp_mimi-content\/uploads\/2016\/05\/resize_these_201604Duchamp_JdE_Empreinte-Poster01-1-755x1024.jpg 755w, http:\/\/www.mrexhibition.net\/wp_mimi\/wp_mimi-content\/uploads\/2016\/05\/resize_these_201604Duchamp_JdE_Empreinte-Poster01-1.jpg 1024w\" sizes=\"(max-width: 221px) 100vw, 221px\" \/><\/a><br \/>\n<a href=\"http:\/\/www.mrexhibition.net\/wp_mimi\/wp_mimi-content\/uploads\/2016\/05\/Duchamp_JdE_Empreinte-04.pdf\">Duchamp_JdE_Empreinte-04<\/a><\/p>\n<p>&nbsp;<\/p>\n<p><strong><span style=\"color: #000080;\">2016\u5e745\u67086\u65e5\u301c7\u67081\u65e5<\/span><\/strong><br \/>\n<span style=\"color: #008080;\"> \u5c55\u89a7\u4f1a\u00a0\u00bbVivre ou vivre mieux?\u00a0\u00bb<\/span><br \/>\n<span style=\"color: #008080;\"> J\u00e9r\u00e9my Segard\u306e\u30c7\u30c3\u30b5\u30f3\u3068\u79c1\u306e\u30c6\u30af\u30b9\u30c8\u306b\u3088\u308b\u5c55\u89a7\u4f1a\u3001\u30d1\u30fc\u30bd\u30ca\u30e9\u30a4\u30ba\u30c9\u30fb\u30e1\u30c7\u30a3\u30b7\u30f3\u3092\u3081\u3050\u308b\u8003\u5bdf\u3067\u3059\u3002\u6765\u6708\u3053\u306e\u30d7\u30ed\u30b8\u30a7\u30af\u30c8\u306b\u95a2\u308f\u3063\u3066\u672c\u00a0\u00bbVivre ou vivre mieux?\u00a0\u00bb \u304c\u51fa\u307e\u3059\u3002<\/span><br \/>\n<span style=\"color: #008080;\"> Personalized Medecine \u306b\u95a2\u3059\u308b\u601d\u8003\u3001\u82b8\u8853\u7684\u30a2\u30d7\u30ed\u30fc\u30c1\u3002Nantes\u306eLa Conserverie\u306b\u3066\u3002<\/span><br \/>\n<a href=\"http:\/\/www.mrexhibition.net\/wp_mimi\/wp_mimi-content\/uploads\/2016\/05\/Vivre-ou-vivre-mieux-MO-JS-2016.jpg\"><img decoding=\"async\" loading=\"lazy\" class=\"alignnone size-large wp-image-4539\" src=\"http:\/\/www.mrexhibition.net\/wp_mimi\/wp_mimi-content\/uploads\/2016\/05\/Vivre-ou-vivre-mieux-MO-JS-2016-722x1024.jpg\" alt=\"Vivre-ou-vivre-mieux-MO-JS-2016\" width=\"540\" height=\"766\" srcset=\"http:\/\/www.mrexhibition.net\/wp_mimi\/wp_mimi-content\/uploads\/2016\/05\/Vivre-ou-vivre-mieux-MO-JS-2016-722x1024.jpg 722w, http:\/\/www.mrexhibition.net\/wp_mimi\/wp_mimi-content\/uploads\/2016\/05\/Vivre-ou-vivre-mieux-MO-JS-2016-211x300.jpg 211w, http:\/\/www.mrexhibition.net\/wp_mimi\/wp_mimi-content\/uploads\/2016\/05\/Vivre-ou-vivre-mieux-MO-JS-2016.jpg 874w\" sizes=\"(max-width: 540px) 100vw, 540px\" \/><\/a><\/p>\n<p>&nbsp;<\/p>\n<p>&nbsp;<\/p>\n<p><strong><span style=\"color: #000080;\">\uff0a\u8ad6\u6587\uff0a<\/span><\/strong><br \/>\n<span style=\"color: #008080;\">3\u5e74\u9593\u306e\u79d1\u7814\u8cbb\u5171\u540c\u7814\u7a76\u300c\u30dd\u30d4\u30e5\u30e9\u30fc\u30ab\u30eb\u30c1\u30e3\u30fc\u306e\u7f8e\u5b66\u69cb\u7bc9\u306b\u95a2\u3059\u308b\u57fa\u76e4\u7814\u7a76\u300d\u306e\u6210\u679c\u5831\u544a\u66f8\u306b\u8ad6\u6587\u304c\u63b2\u8f09\u3055\u308c\u307e\u3057\u305f\u3002<\/span><br \/>\n<span style=\"color: #008080;\"> \u57f7\u7b46\u8005\uff1a\u5ba4\u4e95\u5c1a\uff08\u7814\u7a76\u4ee3\u8868\uff09\u3001\u4f50\u85e4\u5b88\u5f18\u3001\u5409\u7530\u5bdb\u3001\u5409\u5ca1\u6d0b\u3001\u79cb\u5ead\u53f2\u5178\u3001\u5927\u4e45\u4fdd\u7f8e\u7d00\u3002<\/span><br \/>\n<span style=\"color: #008080;\"> \u300c\u300e\u7570\u88c5\u300f\u306e\u30e2\u30c0\u30ea\u30c6\u30a3\u2028\u2015 \u5145\u6ea2\u3059\u308b\u30b3\u30b9\u30d7\u30ec\u3001\u3042\u308b\u3044\u306f\u30b3\u30b9\u30d7\u30ec\u5f8c\u306e\u30d5\u30a1\u30c3\u30b7\u30e7\u30f3\u300d<\/span><br \/>\n<a href=\"http:\/\/www.mrexhibition.net\/wp_mimi\/wp_mimi-content\/uploads\/2016\/05\/9be3f3f5a4ca5b9bbb35edcf7af0f796.jpg\"><img decoding=\"async\" loading=\"lazy\" class=\"alignnone size-medium wp-image-4536\" src=\"http:\/\/www.mrexhibition.net\/wp_mimi\/wp_mimi-content\/uploads\/2016\/05\/9be3f3f5a4ca5b9bbb35edcf7af0f796-212x300.jpg\" alt=\"popularculture\uff08\u30c9\u30e9\u30c3\u30b0\u3055\u308c\u307e\u3057\u305f\uff09\" width=\"212\" height=\"300\" srcset=\"http:\/\/www.mrexhibition.net\/wp_mimi\/wp_mimi-content\/uploads\/2016\/05\/9be3f3f5a4ca5b9bbb35edcf7af0f796-212x300.jpg 212w, http:\/\/www.mrexhibition.net\/wp_mimi\/wp_mimi-content\/uploads\/2016\/05\/9be3f3f5a4ca5b9bbb35edcf7af0f796-724x1024.jpg 724w, http:\/\/www.mrexhibition.net\/wp_mimi\/wp_mimi-content\/uploads\/2016\/05\/9be3f3f5a4ca5b9bbb35edcf7af0f796.jpg 1240w\" sizes=\"(max-width: 212px) 100vw, 212px\" \/><\/a><br \/>\n<a href=\"http:\/\/www.mrexhibition.net\/wp_mimi\/wp_mimi-content\/uploads\/2016\/05\/71d2e1510d40885582300044b853cf4c.pdf\">2015\u5e74\u5ea6\u79d1\u7814\u6210\u679c\u5831\u544a\u66f8_\u5927\u4e45\u4fdd\u7f8e\u7d00<\/a><\/p>\n<p>&nbsp;<\/p>\n<p><span style=\"color: #000080;\"><strong>2016\u5e744\u67089\u65e5<\/strong><\/span><br \/>\n<span style=\"color: #008080;\"> INHA\u3067\u884c\u306a\u308f\u308c\u305f\u7814\u7a76\u96c6\u4f1a \u00ab\u00a0Arts contemporains et leur espace institutionnel\u00a0\u00bb (organis\u00e9e par Pamela Bianchi et Jee Jeeyoung Kim)\u3067\u8b1b\u6f14\u3057\u307e\u3057\u305f\u3002<\/span><br \/>\n<span style=\"color: #008080;\"> \u8b1b\u6f14\uff1a\u00a0\u00bbL&rsquo;exposition comme dispositif de la r\u00e9-exp\u00e9rience\u00a0\u00bb \uff08\u8ffd\u4f53\u9a13\u306e\u73fe\u5834\u3068\u3057\u3066\u306e\u5c55\u89a7\u4f1a\uff09<\/span><br \/>\n<a href=\"http:\/\/www.mrexhibition.net\/wp_mimi\/wp_mimi-content\/uploads\/2016\/05\/12974296_10208745301616090_5400071850855039450_n.jpg\"><img decoding=\"async\" loading=\"lazy\" class=\"alignnone size-medium wp-image-4538\" src=\"http:\/\/www.mrexhibition.net\/wp_mimi\/wp_mimi-content\/uploads\/2016\/05\/12974296_10208745301616090_5400071850855039450_n-300x212.jpg\" alt=\"12974296_10208745301616090_5400071850855039450_n\" width=\"300\" height=\"212\" srcset=\"http:\/\/www.mrexhibition.net\/wp_mimi\/wp_mimi-content\/uploads\/2016\/05\/12974296_10208745301616090_5400071850855039450_n-300x212.jpg 300w, http:\/\/www.mrexhibition.net\/wp_mimi\/wp_mimi-content\/uploads\/2016\/05\/12974296_10208745301616090_5400071850855039450_n.jpg 960w\" sizes=\"(max-width: 300px) 100vw, 300px\" \/><\/a><\/p>\n","protected":false},"excerpt":{"rendered":"<p>Bonjour \u00e0 tous! J\u2019ai le plaisir de vous annoncer ma participation \u00e0 la rencontre \u00e0 Nantes le 28 f\u00e9vrier! Dans le cadre de l\u2019exposition en cours \u00ab L\u2019UN L\u2019AUTRE \u00bb (le catalogue t\u00e9l\u00e9chargeable sur le site de Lotokoro: http:\/\/lokotoro.org), j\u2019interviendrai pour une conf\u00e9rence sur l\u2019art m\u00e9dical, notamment la question pos\u00e9e sur l\u2019utilit\u00e9 de l\u2019art dans [&hellip;]<\/p>\n","protected":false},"author":1,"featured_media":0,"parent":0,"menu_order":0,"comment_status":"closed","ping_status":"closed","template":"","meta":[],"_links":{"self":[{"href":"http:\/\/www.mrexhibition.net\/wp_mimi\/index.php?rest_route=\/wp\/v2\/pages\/4534"}],"collection":[{"href":"http:\/\/www.mrexhibition.net\/wp_mimi\/index.php?rest_route=\/wp\/v2\/pages"}],"about":[{"href":"http:\/\/www.mrexhibition.net\/wp_mimi\/index.php?rest_route=\/wp\/v2\/types\/page"}],"author":[{"embeddable":true,"href":"http:\/\/www.mrexhibition.net\/wp_mimi\/index.php?rest_route=\/wp\/v2\/users\/1"}],"replies":[{"embeddable":true,"href":"http:\/\/www.mrexhibition.net\/wp_mimi\/index.php?rest_route=%2Fwp%2Fv2%2Fcomments&post=4534"}],"version-history":[{"count":5,"href":"http:\/\/www.mrexhibition.net\/wp_mimi\/index.php?rest_route=\/wp\/v2\/pages\/4534\/revisions"}],"predecessor-version":[{"id":5700,"href":"http:\/\/www.mrexhibition.net\/wp_mimi\/index.php?rest_route=\/wp\/v2\/pages\/4534\/revisions\/5700"}],"wp:attachment":[{"href":"http:\/\/www.mrexhibition.net\/wp_mimi\/index.php?rest_route=%2Fwp%2Fv2%2Fmedia&parent=4534"}],"curies":[{"name":"wp","href":"https:\/\/api.w.org\/{rel}","templated":true}]}}